{"id":1254,"date":"2021-04-26T23:38:00","date_gmt":"2021-04-26T23:38:00","guid":{"rendered":"http:\/\/asociacionespanolacr.crbrosdev.com\/?page_id=1254"},"modified":"2021-04-28T00:33:09","modified_gmt":"2021-04-28T00:33:09","slug":"estatutos","status":"publish","type":"page","link":"https:\/\/asociacionespanolacr.com\/index.php\/estatutos\/","title":{"rendered":"Estatutos"},"content":{"rendered":"\t\t<div data-elementor-type=\"wp-post\" data-elementor-id=\"1254\" class=\"elementor elementor-1254\">\n\t\t\t\t\t\t\t\t\t<section class=\"elementor-section elementor-top-section elementor-element elementor-element-21a5b65 elementor-section-full_width elementor-section-height-default elementor-section-height-default\" data-id=\"21a5b65\" data-element_type=\"section\" data-settings=\"{&quot;jet_parallax_layout_list&quot;:[{&quot;jet_parallax_layout_image&quot;:{&quot;url&quot;:&quot;&quot;,&quot;id&quot;:&quot;&quot;,&quot;size&quot;:&quot;&quot;},&quot;_id&quot;:&quot;0d5bb85&quot;,&quot;jet_parallax_layout_speed&quot;:{&quot;unit&quot;:&quot;%&quot;,&quot;size&quot;:&quot;50&quot;,&quot;sizes&quot;:[]},&quot;jet_parallax_layout_bg_x&quot;:&quot;50&quot;,&quot;jet_parallax_layout_bg_y&quot;:&quot;50&quot;,&quot;jet_parallax_layout_image_tablet&quot;:{&quot;url&quot;:&quot;&quot;,&quot;id&quot;:&quot;&quot;,&quot;size&quot;:&quot;&quot;},&quot;jet_parallax_layout_image_mobile&quot;:{&quot;url&quot;:&quot;&quot;,&quot;id&quot;:&quot;&quot;,&quot;size&quot;:&quot;&quot;},&quot;jet_parallax_layout_type&quot;:&quot;scroll&quot;,&quot;jet_parallax_layout_direction&quot;:null,&quot;jet_parallax_layout_fx_direction&quot;:null,&quot;jet_parallax_layout_z_index&quot;:&quot;&quot;,&quot;jet_parallax_layout_bg_x_tablet&quot;:&quot;&quot;,&quot;jet_parallax_layout_bg_x_mobile&quot;:&quot;&quot;,&quot;jet_parallax_layout_bg_y_tablet&quot;:&quot;&quot;,&quot;jet_parallax_layout_bg_y_mobile&quot;:&quot;&quot;,&quot;jet_parallax_layout_bg_size&quot;:&quot;auto&quot;,&quot;jet_parallax_layout_bg_size_tablet&quot;:&quot;&quot;,&quot;jet_parallax_layout_bg_size_mobile&quot;:&quot;&quot;,&quot;jet_parallax_layout_animation_prop&quot;:&quot;transform&quot;,&quot;jet_parallax_layout_on&quot;:[&quot;desktop&quot;,&quot;tablet&quot;]}]}\">\n\t\t\t\t\t\t<div class=\"elementor-container elementor-column-gap-default\">\n\t\t\t\t\t<div class=\"elementor-column elementor-col-100 elementor-top-column elementor-element elementor-element-b89036c\" data-id=\"b89036c\" data-element_type=\"column\">\n\t\t\t<div class=\"elementor-widget-wrap elementor-element-populated\">\n\t\t\t\t\t\t\t\t<div class=\"elementor-element elementor-element-4fddd5a elementor-widget__width-auto elementor-absolute elementor-widget elementor-widget-raven-image\" data-id=\"4fddd5a\" data-element_type=\"widget\" data-settings=\"{&quot;_position&quot;:&quot;absolute&quot;}\" data-widget_type=\"raven-image.default\">\n\t\t\t\t<div class=\"elementor-widget-container\">\n\t\t\t\t\t<div class=\"raven-image\">\n\t\t\n\t\t\n\t\t<img width=\"475\" height=\"237\" src=\"https:\/\/asociacionespanolacr.com\/wp-content\/uploads\/2019\/07\/our-work-bg-01.png\" class=\"attachment-full size-full wp-image-96\" alt=\"\" decoding=\"async\" loading=\"lazy\" srcset=\"https:\/\/asociacionespanolacr.com\/wp-content\/uploads\/2019\/07\/our-work-bg-01.png 475w, https:\/\/asociacionespanolacr.com\/wp-content\/uploads\/2019\/07\/our-work-bg-01-300x150.png 300w\" sizes=\"(max-width: 475px) 100vw, 475px\" \/>\t\t<\/div>\n\t\t\t\t<\/div>\n\t\t\t\t<\/div>\n\t\t\t\t<section class=\"elementor-section elementor-inner-section elementor-element elementor-element-fc8c861 elementor-section-boxed elementor-section-height-default elementor-section-height-default\" data-id=\"fc8c861\" data-element_type=\"section\" data-settings=\"{&quot;jet_parallax_layout_list&quot;:[{&quot;jet_parallax_layout_image&quot;:{&quot;url&quot;:&quot;&quot;,&quot;id&quot;:&quot;&quot;,&quot;size&quot;:&quot;&quot;},&quot;_id&quot;:&quot;e4fcda7&quot;,&quot;jet_parallax_layout_speed&quot;:{&quot;unit&quot;:&quot;%&quot;,&quot;size&quot;:&quot;50&quot;,&quot;sizes&quot;:[]},&quot;jet_parallax_layout_bg_x&quot;:&quot;50&quot;,&quot;jet_parallax_layout_bg_y&quot;:&quot;50&quot;,&quot;jet_parallax_layout_image_tablet&quot;:{&quot;url&quot;:&quot;&quot;,&quot;id&quot;:&quot;&quot;,&quot;size&quot;:&quot;&quot;},&quot;jet_parallax_layout_image_mobile&quot;:{&quot;url&quot;:&quot;&quot;,&quot;id&quot;:&quot;&quot;,&quot;size&quot;:&quot;&quot;},&quot;jet_parallax_layout_type&quot;:&quot;scroll&quot;,&quot;jet_parallax_layout_direction&quot;:null,&quot;jet_parallax_layout_fx_direction&quot;:null,&quot;jet_parallax_layout_z_index&quot;:&quot;&quot;,&quot;jet_parallax_layout_bg_x_tablet&quot;:&quot;&quot;,&quot;jet_parallax_layout_bg_x_mobile&quot;:&quot;&quot;,&quot;jet_parallax_layout_bg_y_tablet&quot;:&quot;&quot;,&quot;jet_parallax_layout_bg_y_mobile&quot;:&quot;&quot;,&quot;jet_parallax_layout_bg_size&quot;:&quot;auto&quot;,&quot;jet_parallax_layout_bg_size_tablet&quot;:&quot;&quot;,&quot;jet_parallax_layout_bg_size_mobile&quot;:&quot;&quot;,&quot;jet_parallax_layout_animation_prop&quot;:&quot;transform&quot;,&quot;jet_parallax_layout_on&quot;:[&quot;desktop&quot;,&quot;tablet&quot;]}]}\">\n\t\t\t\t\t\t<div class=\"elementor-container elementor-column-gap-default\">\n\t\t\t\t\t<div class=\"elementor-column elementor-col-100 elementor-inner-column elementor-element elementor-element-de6d56d\" data-id=\"de6d56d\" data-element_type=\"column\">\n\t\t\t<div class=\"elementor-widget-wrap elementor-element-populated\">\n\t\t\t\t\t\t\t\t<div class=\"elementor-element elementor-element-c03f8bc elementor-align-center elementor-widget elementor-widget-raven-heading\" data-id=\"c03f8bc\" data-element_type=\"widget\" data-widget_type=\"raven-heading.default\">\n\t\t\t\t<div class=\"elementor-widget-container\">\n\t\t\t\t\t<div class=\"raven-widget-wrapper\"><h3 class=\"raven-heading raven-heading-h3\"><span class=\"raven-heading-title \">Estatutos<\/span><\/h3><\/div>\n\t\t\t\t<\/div>\n\t\t\t\t<\/div>\n\t\t\t\t<div class=\"elementor-element elementor-element-2959746 elementor-align-center elementor-widget elementor-widget-raven-heading\" data-id=\"2959746\" data-element_type=\"widget\" data-widget_type=\"raven-heading.default\">\n\t\t\t\t<div class=\"elementor-widget-container\">\n\t\t\t\t\t<div class=\"raven-widget-wrapper\"><h1 class=\"raven-heading raven-heading-h1\"><span class=\"raven-heading-title \">ESTATUTOS DE LA ASOCIACI\u00d3N ESPA\u00d1OLA DE BENEFICENCIA<\/span><\/h1><\/div>\n\t\t\t\t<\/div>\n\t\t\t\t<\/div>\n\t\t\t\t\t<\/div>\n\t\t<\/div>\n\t\t\t\t\t\t\t<\/div>\n\t\t<\/section>\n\t\t\t\t\t<\/div>\n\t\t<\/div>\n\t\t\t\t\t\t\t<\/div>\n\t\t<\/section>\n\t\t\t\t<section class=\"elementor-section elementor-top-section elementor-element elementor-element-dd0adc0 elementor-section-full_width elementor-section-height-default elementor-section-height-default\" data-id=\"dd0adc0\" data-element_type=\"section\" data-settings=\"{&quot;jet_parallax_layout_list&quot;:[{&quot;jet_parallax_layout_image&quot;:{&quot;url&quot;:&quot;&quot;,&quot;id&quot;:&quot;&quot;,&quot;size&quot;:&quot;&quot;},&quot;_id&quot;:&quot;a51d306&quot;,&quot;jet_parallax_layout_speed&quot;:{&quot;unit&quot;:&quot;%&quot;,&quot;size&quot;:&quot;50&quot;,&quot;sizes&quot;:[]},&quot;jet_parallax_layout_bg_x&quot;:&quot;50&quot;,&quot;jet_parallax_layout_bg_y&quot;:&quot;50&quot;,&quot;jet_parallax_layout_image_tablet&quot;:{&quot;url&quot;:&quot;&quot;,&quot;id&quot;:&quot;&quot;,&quot;size&quot;:&quot;&quot;},&quot;jet_parallax_layout_image_mobile&quot;:{&quot;url&quot;:&quot;&quot;,&quot;id&quot;:&quot;&quot;,&quot;size&quot;:&quot;&quot;},&quot;jet_parallax_layout_type&quot;:&quot;scroll&quot;,&quot;jet_parallax_layout_direction&quot;:null,&quot;jet_parallax_layout_fx_direction&quot;:null,&quot;jet_parallax_layout_z_index&quot;:&quot;&quot;,&quot;jet_parallax_layout_bg_x_tablet&quot;:&quot;&quot;,&quot;jet_parallax_layout_bg_x_mobile&quot;:&quot;&quot;,&quot;jet_parallax_layout_bg_y_tablet&quot;:&quot;&quot;,&quot;jet_parallax_layout_bg_y_mobile&quot;:&quot;&quot;,&quot;jet_parallax_layout_bg_size&quot;:&quot;auto&quot;,&quot;jet_parallax_layout_bg_size_tablet&quot;:&quot;&quot;,&quot;jet_parallax_layout_bg_size_mobile&quot;:&quot;&quot;,&quot;jet_parallax_layout_animation_prop&quot;:&quot;transform&quot;,&quot;jet_parallax_layout_on&quot;:[&quot;desktop&quot;,&quot;tablet&quot;]}]}\">\n\t\t\t\t\t\t<div class=\"elementor-container elementor-column-gap-default\">\n\t\t\t\t\t<div class=\"elementor-column elementor-col-100 elementor-top-column elementor-element elementor-element-4834af0\" data-id=\"4834af0\" data-element_type=\"column\">\n\t\t\t<div class=\"elementor-widget-wrap elementor-element-populated\">\n\t\t\t\t\t\t\t\t<div class=\"elementor-element elementor-element-e0df2b3 elementor-widget__width-auto elementor-absolute elementor-widget elementor-widget-raven-image\" data-id=\"e0df2b3\" data-element_type=\"widget\" data-settings=\"{&quot;_position&quot;:&quot;absolute&quot;}\" data-widget_type=\"raven-image.default\">\n\t\t\t\t<div class=\"elementor-widget-container\">\n\t\t\t\t\t<div class=\"raven-image\">\n\t\t\n\t\t\n\t\t<img width=\"539\" height=\"690\" src=\"https:\/\/asociacionespanolacr.com\/wp-content\/uploads\/2019\/07\/our-work-bg-02.png\" class=\"attachment-full size-full wp-image-97\" alt=\"\" decoding=\"async\" loading=\"lazy\" srcset=\"https:\/\/asociacionespanolacr.com\/wp-content\/uploads\/2019\/07\/our-work-bg-02.png 539w, https:\/\/asociacionespanolacr.com\/wp-content\/uploads\/2019\/07\/our-work-bg-02-234x300.png 234w\" sizes=\"(max-width: 539px) 100vw, 539px\" \/>\t\t<\/div>\n\t\t\t\t<\/div>\n\t\t\t\t<\/div>\n\t\t\t\t\t<\/div>\n\t\t<\/div>\n\t\t\t\t\t\t\t<\/div>\n\t\t<\/section>\n\t\t\t\t<section class=\"elementor-section elementor-top-section elementor-element elementor-element-44f53ee elementor-section-boxed elementor-section-height-default elementor-section-height-default\" data-id=\"44f53ee\" data-element_type=\"section\" data-settings=\"{&quot;jet_parallax_layout_list&quot;:[{&quot;jet_parallax_layout_image&quot;:{&quot;url&quot;:&quot;&quot;,&quot;id&quot;:&quot;&quot;,&quot;size&quot;:&quot;&quot;},&quot;_id&quot;:&quot;25e2056&quot;,&quot;jet_parallax_layout_speed&quot;:{&quot;unit&quot;:&quot;%&quot;,&quot;size&quot;:&quot;50&quot;,&quot;sizes&quot;:[]},&quot;jet_parallax_layout_bg_x&quot;:&quot;50&quot;,&quot;jet_parallax_layout_bg_y&quot;:&quot;50&quot;,&quot;jet_parallax_layout_image_tablet&quot;:{&quot;url&quot;:&quot;&quot;,&quot;id&quot;:&quot;&quot;,&quot;size&quot;:&quot;&quot;},&quot;jet_parallax_layout_image_mobile&quot;:{&quot;url&quot;:&quot;&quot;,&quot;id&quot;:&quot;&quot;,&quot;size&quot;:&quot;&quot;},&quot;jet_parallax_layout_type&quot;:&quot;scroll&quot;,&quot;jet_parallax_layout_direction&quot;:null,&quot;jet_parallax_layout_fx_direction&quot;:null,&quot;jet_parallax_layout_z_index&quot;:&quot;&quot;,&quot;jet_parallax_layout_bg_x_tablet&quot;:&quot;&quot;,&quot;jet_parallax_layout_bg_x_mobile&quot;:&quot;&quot;,&quot;jet_parallax_layout_bg_y_tablet&quot;:&quot;&quot;,&quot;jet_parallax_layout_bg_y_mobile&quot;:&quot;&quot;,&quot;jet_parallax_layout_bg_size&quot;:&quot;auto&quot;,&quot;jet_parallax_layout_bg_size_tablet&quot;:&quot;&quot;,&quot;jet_parallax_layout_bg_size_mobile&quot;:&quot;&quot;,&quot;jet_parallax_layout_animation_prop&quot;:&quot;transform&quot;,&quot;jet_parallax_layout_on&quot;:[&quot;desktop&quot;,&quot;tablet&quot;]}]}\">\n\t\t\t\t\t\t<div class=\"elementor-container elementor-column-gap-default\">\n\t\t\t\t\t<div class=\"elementor-column elementor-col-100 elementor-top-column elementor-element elementor-element-d49f206\" data-id=\"d49f206\" data-element_type=\"column\">\n\t\t\t<div class=\"elementor-widget-wrap elementor-element-populated\">\n\t\t\t\t\t\t\t\t<div class=\"elementor-element elementor-element-fb41651 elementor-widget elementor-widget-heading\" data-id=\"fb41651\" data-element_type=\"widget\" data-widget_type=\"heading.default\">\n\t\t\t\t<div class=\"elementor-widget-container\">\n\t\t\t<h2 class=\"elementor-heading-title elementor-size-default\">CAP\u00cdTULO PRIMERO<\/h2>\t\t<\/div>\n\t\t\t\t<\/div>\n\t\t\t\t<div class=\"elementor-element elementor-element-265585e elementor-align-center elementor-widget elementor-widget-raven-heading\" data-id=\"265585e\" data-element_type=\"widget\" data-widget_type=\"raven-heading.default\">\n\t\t\t\t<div class=\"elementor-widget-container\">\n\t\t\t\t\t<div class=\"raven-widget-wrapper\"><h2 class=\"raven-heading raven-heading-h2\"><span class=\"raven-heading-title \">De la Asociaci\u00f3n, sus fines y domicilio<\/span><\/h2><\/div>\n\t\t\t\t<\/div>\n\t\t\t\t<\/div>\n\t\t\t\t<div class=\"elementor-element elementor-element-abb2f85 elementor-widget elementor-widget-text-editor\" data-id=\"abb2f85\" data-element_type=\"widget\" data-widget_type=\"text-editor.default\">\n\t\t\t\t<div class=\"elementor-widget-container\">\n\t\t\t\t\t\t\t<b>ART\u00cdCULO 1\u00b0.<\/b> La Asociaci\u00f3n Espa\u00f1ola est\u00e1 instalada, al aprobarse estos Estatutos, en el edificio denominado Casa de Espa\u00f1a y, para los efectos legales, su domicilio es 100 metros este y 150 metros norte del edificio del Instituto Costarricense de Electricidad, Sabana Norte, San Jos\u00e9, Capital de la Rep\u00fablica de Costa Rica. Sus fines son:\n<ol>\n<li>Practicar la beneficencia en favor de los espa\u00f1oles y espa\u00f1olas por nacimiento o por derecho, sean asociados o no, que se encuentren en necesidad comprobada.\n<\/li>\n<li>Socorrer a sus asociados necesitados en caso de enfermedad y proporcionarles digna sepultura en su fallecimiento.<\/li>\n<li>Facilitar esparcimiento y solaz a sus asociados, mediante el fomento de actividades recreativas, culturales y deportivas.\n<\/li>\n<li>Contribuir a una mayor compenetraci\u00f3n de la colonia espa\u00f1ola con la sociedad costarricense, desarrollando actividades culturales, art\u00edsticas, deportivas y recreativas, as\u00ed como fomentar y conservar las costumbres espa\u00f1olas y costarricenses.<\/li>\n<li>Contribuir, en la medida de sus posibilidades, al bienestar de los habitantes del pa\u00eds colaborando con el Estado en la atenci\u00f3n de quienes tienen menos recursos.<\/li>\n<li>Propiciar el intercambio educativo y cultural entre Costa Rica y Espa\u00f1a a trav\u00e9s de instituciones y organismos, tanto oficiales como privados, de los dos pa\u00edses en beneficio de los ciudadanos de ambas nacionalidades.<\/li>\n<\/ol>\n\n<b>ART\u00cdCULO 2\u00b0.<\/b> Para el cumplimiento de los fines especificados en el art\u00edculo primero, existir\u00e1n las secciones necesarias, que se regir\u00e1n por sus respectivos reglamentos.\t\t\t\t\t\t<\/div>\n\t\t\t\t<\/div>\n\t\t\t\t\t<\/div>\n\t\t<\/div>\n\t\t\t\t\t\t\t<\/div>\n\t\t<\/section>\n\t\t\t\t<section class=\"elementor-section elementor-top-section elementor-element elementor-element-edc9eff elementor-section-boxed elementor-section-height-default elementor-section-height-default\" data-id=\"edc9eff\" data-element_type=\"section\" data-settings=\"{&quot;jet_parallax_layout_list&quot;:[{&quot;jet_parallax_layout_image&quot;:{&quot;url&quot;:&quot;&quot;,&quot;id&quot;:&quot;&quot;,&quot;size&quot;:&quot;&quot;},&quot;_id&quot;:&quot;25e2056&quot;,&quot;jet_parallax_layout_speed&quot;:{&quot;unit&quot;:&quot;%&quot;,&quot;size&quot;:&quot;50&quot;,&quot;sizes&quot;:[]},&quot;jet_parallax_layout_bg_x&quot;:&quot;50&quot;,&quot;jet_parallax_layout_bg_y&quot;:&quot;50&quot;,&quot;jet_parallax_layout_image_tablet&quot;:{&quot;url&quot;:&quot;&quot;,&quot;id&quot;:&quot;&quot;,&quot;size&quot;:&quot;&quot;},&quot;jet_parallax_layout_image_mobile&quot;:{&quot;url&quot;:&quot;&quot;,&quot;id&quot;:&quot;&quot;,&quot;size&quot;:&quot;&quot;},&quot;jet_parallax_layout_type&quot;:&quot;scroll&quot;,&quot;jet_parallax_layout_direction&quot;:null,&quot;jet_parallax_layout_fx_direction&quot;:null,&quot;jet_parallax_layout_z_index&quot;:&quot;&quot;,&quot;jet_parallax_layout_bg_x_tablet&quot;:&quot;&quot;,&quot;jet_parallax_layout_bg_x_mobile&quot;:&quot;&quot;,&quot;jet_parallax_layout_bg_y_tablet&quot;:&quot;&quot;,&quot;jet_parallax_layout_bg_y_mobile&quot;:&quot;&quot;,&quot;jet_parallax_layout_bg_size&quot;:&quot;auto&quot;,&quot;jet_parallax_layout_bg_size_tablet&quot;:&quot;&quot;,&quot;jet_parallax_layout_bg_size_mobile&quot;:&quot;&quot;,&quot;jet_parallax_layout_animation_prop&quot;:&quot;transform&quot;,&quot;jet_parallax_layout_on&quot;:[&quot;desktop&quot;,&quot;tablet&quot;]}]}\">\n\t\t\t\t\t\t<div class=\"elementor-container elementor-column-gap-default\">\n\t\t\t\t\t<div class=\"elementor-column elementor-col-100 elementor-top-column elementor-element elementor-element-87c1961\" data-id=\"87c1961\" data-element_type=\"column\">\n\t\t\t<div class=\"elementor-widget-wrap elementor-element-populated\">\n\t\t\t\t\t\t\t\t<div class=\"elementor-element elementor-element-2de8f08 elementor-widget elementor-widget-heading\" data-id=\"2de8f08\" data-element_type=\"widget\" data-widget_type=\"heading.default\">\n\t\t\t\t<div class=\"elementor-widget-container\">\n\t\t\t<h2 class=\"elementor-heading-title elementor-size-default\">CAP\u00cdTULO SEGUNDO<\/h2>\t\t<\/div>\n\t\t\t\t<\/div>\n\t\t\t\t<div class=\"elementor-element elementor-element-68f6ed8 elementor-align-center elementor-widget elementor-widget-raven-heading\" data-id=\"68f6ed8\" data-element_type=\"widget\" data-widget_type=\"raven-heading.default\">\n\t\t\t\t<div class=\"elementor-widget-container\">\n\t\t\t\t\t<div class=\"raven-widget-wrapper\"><h2 class=\"raven-heading raven-heading-h2\"><span class=\"raven-heading-title \">De los Asociados, sus deberes y derechos<\/span><\/h2><\/div>\n\t\t\t\t<\/div>\n\t\t\t\t<\/div>\n\t\t\t\t<div class=\"elementor-element elementor-element-982327b elementor-widget elementor-widget-text-editor\" data-id=\"982327b\" data-element_type=\"widget\" data-widget_type=\"text-editor.default\">\n\t\t\t\t<div class=\"elementor-widget-container\">\n\t\t\t\t\t\t\t<p><b>ART\u00cdCULO<\/b> 3\u00b0. Los espa\u00f1oles, hijos y nietos de espa\u00f1oles podr\u00e1n pertenecer a esta Asociaci\u00f3n mediante la presentaci\u00f3n de los documentos que as\u00ed se lo acrediten y sean aprobados por la Junta Directiva, dentro del plazo de treinta d\u00edas naturales a la solicitud. Cualquier otra persona que desee incorporarse a la Asociaci\u00f3n solamente podr\u00e1 afiliarse a la Secci\u00f3n Recreativa con la debida aprobaci\u00f3n de la Junta Directiva y sus derechos se limitar\u00e1n al mero uso y disfrute de las instalaciones sociales de la Asociaci\u00f3n, seg\u00fan los incisos 3 y 4 del art\u00edculo 1\u00b0 de estos Estatutos. Los menores de edad se regir\u00e1n por la Ley de Asociaciones.<\/p><p><b>ART\u00cdCULO<\/b> 4\u00b0. Para ingresar en la Asociaci\u00f3n se llenar\u00e1 y firmar\u00e1 una f\u00f3rmula de solicitud de ingreso que facilitar\u00e1 la Secretar\u00eda. Una vez aprobada la admisi\u00f3n por la Junta Directiva se entregar\u00e1 al nuevo asociado el correspondiente carn\u00e9 y el folleto de los Estatutos, por cuyos conceptos abonar\u00e1 la cuota estipulada.<\/p><p><b>ART\u00cdCULO<\/b> 5\u00b0. Cualquier conflicto que se suscite entre los asociados, ser\u00e1 resuelto por la Junta Directiva; si el conflicto fuere entre asociados y la Junta Directiva, ser\u00e1 resuelto por un arbitraje ad hoc, salvo las controversias derivadas de los procedimientos sancionatorios establecidos en el art\u00edculo 10\u00b0 del Estatuto. Los \u00e1rbitros ser\u00e1n nombrados uno por los quejosos, otro por la Junta Directiva y un tercero de nombramiento de los \u00e1rbitros, para casos de discordia. Los \u00e1rbitros deber\u00e1n ser, necesariamente, miembros activos de la Asociaci\u00f3n. Las resoluciones que en estos casos dicte la Junta Directiva o el Tribunal de \u00c1rbitros ser\u00e1n definitivas. Por lo tanto, las partes se obligan a acatar como definitivo lo que en la forma indicada se resuelva, quedando a salvo la oportunidad de interponer, en tiempo y forma, el Recurso de Casaci\u00f3n por Nulidad del Laudo Arbitral establecido en la Ley sobre la Resoluci\u00f3n Alterna de Conflictos.<\/p><p><b>ART\u00cdCULO<\/b> 6\u00b0. Las cuotas de los asociados ser\u00e1n fijadas por la Junta Directiva y comenzar\u00e1n a regir a partir de su publicaci\u00f3n en el Bolet\u00edn de la Casa de Espa\u00f1a.<\/p><p><b>ART\u00cdCULO<\/b> 7\u00b0. Es potestativo de la Asamblea General conceder el t\u00edtulo de Asociado Protector o Asociado Honorario a sus asociados o a personas ajenas a la Instituci\u00f3n. La Asamblea podr\u00e1 conceder el t\u00edtulo de Asociado Protector a quien hiciere donativos o procurase beneficios a la Instituci\u00f3n y el de Asociado Honorario a aquella persona que por sus m\u00e9ritos o relevantes hechos en favor de nuestra Patria o de nuestra Asociaci\u00f3n, se hicieren acreedores a ese t\u00edtulo. El asociado que reciba el primero de esos t\u00edtulos no pierde su calidad de asociado y conserva todos los deberes y derechos que establecen los Estatutos. La Asociaci\u00f3n otorgar\u00e1 el t\u00edtulo de Asociado Honorario, exento de pago obligatorio de cuotas y con todos los derechos que se\u00f1alan los Estatutos, al asociado que haya pertenecido a la Asociaci\u00f3n cincuenta a\u00f1os consecutivos o alternos. La entrega del t\u00edtulo correspondiente le ser\u00e1 hecha al interesado en la Asamblea General o en otro acto significativo que considere oportuno la Junta Directiva.<\/p><p><b>ART\u00cdCULO<\/b> 8\u00b0. Son deberes de todo asociado:<\/p><ol><li>Comportarse dignamente.<\/li><li>Acatar los presentes Estatutos, reglamentos y acuerdos que la Asamblea General o la Junta Directiva tomen, seg\u00fan las atribuciones autorizadas en estos Estatutos.<\/li><li>Pagar por adelantado la cuota mensual establecida por la Asamblea General Ordinaria y colaborar, en la medida de su capacidad, por el engrandecimiento de la Asociaci\u00f3n.<\/li><li>Asistir a la Asambleas Generales.<\/li><li>Desempe\u00f1ar cargos en la Junta Directiva y en las Comisiones de forma gratuita.<\/li><li>Avisar por escrito a la Secretar\u00eda cada vez que cambie de domicilio o bien cuando cambie de direcci\u00f3n postal o correo electr\u00f3nico.<\/li><\/ol><p><b>ART\u00cdCULO<\/b> 9\u00b0. Todo asociado tiene derecho:<\/p><ol><li>A los beneficios que la Asociaci\u00f3n otorga seg\u00fan lo disponen los Estatutos y reglamentos auxiliares.<\/li><li>A concurrir con voz y voto a las Asambleas Generales Ordinarias y Extraordinarias que celebre la Asociaci\u00f3n, despu\u00e9s de seis meses de haber ingresado a ella.<\/li><li>A ser elegido miembro de la Junta Directiva, seg\u00fan las disposiciones establecidas en el art\u00edculo catorce.<\/li><li>A solicitar de la Secretar\u00eda los libros de Actas y de la Tesorer\u00eda los libros y comprobantes de las cuentas de la Asociaci\u00f3n para examinarlos dentro de la misma oficina y en presencia de los citados miembros de la Junta Directiva, respectivamente.<\/li><li>A que, en caso de que cayese en desgracia econ\u00f3mica comprobada, se le exima del deber de cotizar mientras dure su precaria situaci\u00f3n, quedando en la obligaci\u00f3n de notificar el cambio de situaci\u00f3n a la Junta Directiva en el t\u00e9rmino de treinta d\u00edas. \u00c9sta queda facultada para suspender este derecho en cualquier momento que averig\u00fce que el asociado puede seguir cotizando.<\/li><\/ol><p><b>ART\u00cdCULO<\/b> 10\u00b0. El asociado que infrinja los Estatutos o reglamentos de la Asociaci\u00f3n o cuya conducta fuera incompatible con el decoro a mantener como asociado, la Junta Directiva podr\u00e1 suspenderlo o cancelar definitivamente su calidad de miembro, de acuerdo con lo dispuesto en los siguientes apartes, en cumplimiento del\u00a0<b>\u00a0<\/b>art\u00edculo 12\u00b0 del Reglamento a la Ley de Asociaciones.<\/p><ol><li>CANCELACION DE LA CONDICION DE ASOCIADO o SUSPENSION POR HASTA CINCO A\u00d1OS: Se le podr\u00e1 cancelar la condici\u00f3n de asociado por acuerdo de la Junta Directiva o suspenderlo de sus derechos derivados de su pertenencia a la Asociaci\u00f3n, de uno a cinco a\u00f1os, dependiendo de las condiciones de modo, tiempo y lugar de la infracci\u00f3n:<ol><li>A los que hubieren sido condenados por delitos o contravenciones sancionados con prisi\u00f3n o d\u00edas multa en perjuicio de la Asociaci\u00f3n o de alg\u00fan asociado o sus familiares directos;<\/li><li>Los que hayan dado, provocado o cometido esc\u00e1ndalos graves en alguna de las instalaciones de la Asociaci\u00f3n o cometiere fuera de \u00e9stas actos inmorales o ilegales de p\u00fablica notoriedad;<\/li><li>Los que da\u00f1aren, se apropiaren o distrajeren fondos, bienes o documentos de la Asociaci\u00f3n;<\/li><li>El asociado que haya sido sancionado o suspendido en m\u00e1s de tres oportunidades por faltas a los Estatutos o reglamentos;<\/li><li>A quienes cometieren alguna otra falta grave, tales como, pero sin limitarse a la, falta de probidad u honradez o se conduzca en forma re\u00f1ida con la moral o acudan a la injuria, a la calumnia o a las v\u00edas hecho contra otro asociado o sus familiares en cualquier instalaci\u00f3n de la Asociaci\u00f3n o fuera de ellas y que estos actos hagan dif\u00edcil o imposible la convivencia o armon\u00eda entre los asociados. Se entender\u00e1 como atenuante a considerar si ha habido provocaci\u00f3n indebida al infractor antes del acto y<\/li><li>Al asociado que dejare de pagar doce o m\u00e1s cuotas mensuales consecutivas. Previo a la cesaci\u00f3n de la membrec\u00eda de un asociado o su suspensi\u00f3n por hasta cinco a\u00f1os, el Fiscal comunicar\u00e1 por escrito al afectado los motivos que inspiran su expulsi\u00f3n, a efecto de que el asociado desde el momento en que reciba la comunicaci\u00f3n pueda, en el t\u00e9rmino de ocho d\u00edas naturales, preparar su defensa. Una vez cumplido este plazo, y en sesi\u00f3n de Junta Directiva que deber\u00e1 ser determinada en la comunicaci\u00f3n escrita se\u00f1alada, se tratar\u00e1 lo concerniente al caso de la expulsi\u00f3n del asociado, el acusado podr\u00e1 estar presente y presentar pruebas y alegatos ante dicho \u00f3rgano directivo, as\u00ed como arg\u00fcir en su defensa, siendo la Junta Directiva la que en definitiva y en firme acuerde afirmativa o negativamente lo relativo a la expulsi\u00f3n del asociado. Contra lo resuelto por la Junta Directiva no cabr\u00e1 recurso alguno salvo las acciones judiciales que contra ella le quepan al sancionado. .<\/li><\/ol><\/li><li>\u00a0SUSPENSION DE LA CALIDAD DE ASOCIADO HASTA POR UN A\u00d1O: Ser\u00e1n suspendidos en su calidad de asociados por acuerdo de la Junta Directiva hasta por un a\u00f1o, dependiendo de las condiciones de modo, tiempo y lugar de la infracci\u00f3n, a los asociados:<ol><li>Que cometieran des\u00f3rdenes o faltas menores dentro de cualquier instalaci\u00f3n, propiedad de la Asociaci\u00f3n;<\/li><li>Los que violen por acci\u00f3n u omisi\u00f3n los Estatutos, los reglamentos o acuerdos dictados por la Junta Directiva o la Asamblea General, dentro de sus atribuciones. En caso de suspensi\u00f3n se har\u00e1 por un periodo hasta de un a\u00f1o seg\u00fan criterios de razonabilidad y proporcionalidad y ella no releva al suspendido de la obligaci\u00f3n de pagar las cuotas. Previo a la sanci\u00f3n de un asociado, el Fiscal comunicar\u00e1 por escrito al afectado los motivos que inspiran su sanci\u00f3n, a efecto de que el asociado desde el momento en que reciba la comunicaci\u00f3n pueda, en el t\u00e9rmino de ocho d\u00edas naturales, preparar su defensa. Una vez cumplido este plazo, y en la sesi\u00f3n de Junta Directiva que deber\u00e1 ser determinada en la comunicaci\u00f3n escrita se\u00f1alada, se tratar\u00e1 lo concerniente a la sanci\u00f3n del asociado. El acusado podr\u00e1 estar presente y presentar pruebas y alegatos ante dicho \u00f3rgano directivo, as\u00ed como arg\u00fcir en su defensa, siendo la Junta Directiva la que en definitiva y en firme acuerde afirmativa o negativamente lo relativo a la sanci\u00f3n o no del asociado. Contra lo resuelto por la Junta Directiva no cabr\u00e1 recurso alguno salvo las acciones judiciales que contra ella le quepan al sancionado.<\/li><\/ol><\/li><\/ol><p><b>ART\u00cdCULO<\/b> 11\u00b0. Los que hubiesen sido dados de baja por falta de pago podr\u00e1n reingresar a la Asociaci\u00f3n cubriendo los recibos que dejaron pendientes antes de asign\u00e1rsele la baja; adem\u00e1s, no podr\u00e1n concurrir con voz ni voto a las Asambleas Generales Ordinarias y Extraordinarias que celebre la Asociaci\u00f3n, hasta seis meses despu\u00e9s de haber reingresado a ella.<\/p><p><b>ART\u00cdCULO<\/b> 12\u00b0. Rigen para el reingreso de los que hubieren sido dados de baja por ausencia del pa\u00eds, las mismas disposiciones que regulan el ingreso por primera vez en la Asociaci\u00f3n.<\/p>\t\t\t\t\t\t<\/div>\n\t\t\t\t<\/div>\n\t\t\t\t\t<\/div>\n\t\t<\/div>\n\t\t\t\t\t\t\t<\/div>\n\t\t<\/section>\n\t\t\t\t<section class=\"elementor-section elementor-top-section elementor-element elementor-element-fd3bc60 elementor-section-boxed elementor-section-height-default elementor-section-height-default\" data-id=\"fd3bc60\" data-element_type=\"section\" data-settings=\"{&quot;jet_parallax_layout_list&quot;:[{&quot;jet_parallax_layout_image&quot;:{&quot;url&quot;:&quot;&quot;,&quot;id&quot;:&quot;&quot;,&quot;size&quot;:&quot;&quot;},&quot;_id&quot;:&quot;25e2056&quot;,&quot;jet_parallax_layout_speed&quot;:{&quot;unit&quot;:&quot;%&quot;,&quot;size&quot;:&quot;50&quot;,&quot;sizes&quot;:[]},&quot;jet_parallax_layout_bg_x&quot;:&quot;50&quot;,&quot;jet_parallax_layout_bg_y&quot;:&quot;50&quot;,&quot;jet_parallax_layout_image_tablet&quot;:{&quot;url&quot;:&quot;&quot;,&quot;id&quot;:&quot;&quot;,&quot;size&quot;:&quot;&quot;},&quot;jet_parallax_layout_image_mobile&quot;:{&quot;url&quot;:&quot;&quot;,&quot;id&quot;:&quot;&quot;,&quot;size&quot;:&quot;&quot;},&quot;jet_parallax_layout_type&quot;:&quot;scroll&quot;,&quot;jet_parallax_layout_direction&quot;:null,&quot;jet_parallax_layout_fx_direction&quot;:null,&quot;jet_parallax_layout_z_index&quot;:&quot;&quot;,&quot;jet_parallax_layout_bg_x_tablet&quot;:&quot;&quot;,&quot;jet_parallax_layout_bg_x_mobile&quot;:&quot;&quot;,&quot;jet_parallax_layout_bg_y_tablet&quot;:&quot;&quot;,&quot;jet_parallax_layout_bg_y_mobile&quot;:&quot;&quot;,&quot;jet_parallax_layout_bg_size&quot;:&quot;auto&quot;,&quot;jet_parallax_layout_bg_size_tablet&quot;:&quot;&quot;,&quot;jet_parallax_layout_bg_size_mobile&quot;:&quot;&quot;,&quot;jet_parallax_layout_animation_prop&quot;:&quot;transform&quot;,&quot;jet_parallax_layout_on&quot;:[&quot;desktop&quot;,&quot;tablet&quot;]}]}\">\n\t\t\t\t\t\t<div class=\"elementor-container elementor-column-gap-default\">\n\t\t\t\t\t<div class=\"elementor-column elementor-col-100 elementor-top-column elementor-element elementor-element-285e3c2\" data-id=\"285e3c2\" data-element_type=\"column\">\n\t\t\t<div class=\"elementor-widget-wrap elementor-element-populated\">\n\t\t\t\t\t\t\t\t<div class=\"elementor-element elementor-element-87b328a elementor-widget elementor-widget-heading\" data-id=\"87b328a\" data-element_type=\"widget\" data-widget_type=\"heading.default\">\n\t\t\t\t<div class=\"elementor-widget-container\">\n\t\t\t<h2 class=\"elementor-heading-title elementor-size-default\">CAP\u00cdTULO TERCERO<\/h2>\t\t<\/div>\n\t\t\t\t<\/div>\n\t\t\t\t<div class=\"elementor-element elementor-element-31d4dd3 elementor-align-center elementor-widget elementor-widget-raven-heading\" data-id=\"31d4dd3\" data-element_type=\"widget\" data-widget_type=\"raven-heading.default\">\n\t\t\t\t<div class=\"elementor-widget-container\">\n\t\t\t\t\t<div class=\"raven-widget-wrapper\"><h2 class=\"raven-heading raven-heading-h2\"><span class=\"raven-heading-title \">De la Administraci\u00f3n de la Asociaci\u00f3n<\/span><\/h2><\/div>\n\t\t\t\t<\/div>\n\t\t\t\t<\/div>\n\t\t\t\t<div class=\"elementor-element elementor-element-d086fac elementor-widget elementor-widget-text-editor\" data-id=\"d086fac\" data-element_type=\"widget\" data-widget_type=\"text-editor.default\">\n\t\t\t\t<div class=\"elementor-widget-container\">\n\t\t\t\t\t\t\t<p><b>ART\u00cdCULO<\/b> 13\u00b0. La Presidencia Honoraria de la Asociaci\u00f3n se le otorga por derecho de su cargo al representante diplom\u00e1tico del Reino de Espa\u00f1a en Costa Rica.\u00a0<\/p><p><b>ART\u00cdCULO<\/b> 14\u00b0. La Asociaci\u00f3n ser\u00e1 administrada por una Junta Directiva de once miembros. Esta Directiva deber\u00e1 renovarse cada dos a\u00f1os, pudiendo sus miembros ser reelegidos. Los asociados propuestos para desempe\u00f1ar cargos de la Junta Directiva deber\u00e1n ser mayores de edad y tener al menos un m\u00ednimo de tres a\u00f1os de pertenecer a la Asociaci\u00f3n. Para ser postulado para el cargo de la Presidencia se requiere, adem\u00e1s, ser espa\u00f1ol, tener un m\u00ednimo de cuatro a\u00f1os de pertenecer a la Asociaci\u00f3n y haber ocupado alg\u00fan cargo directivo por un m\u00ednimo de dos a\u00f1os.\u00a0<\/p><p><b>ART\u00cdCULO<\/b> 15\u00b0. Los asociados elegidos miembros de la Junta Directiva, que hayan previa y expresamente aceptado el cargo, no podr\u00e1n excusarse de desempe\u00f1ar sus funciones, salvo causa justificada expuesta por escrito y que acepte la Junta Directiva.\u00a0<\/p><p><b>ART\u00cdCULO<\/b> 16\u00b0. Los cargos de la Junta Directiva son los siguientes: un Presidente o una Presidenta, un Vicepresidente o una Vicepresidenta, un Secretario o una Secretaria, un Tesorero o una Tesorera y siete Vocales.\u00a0<\/p><p><b>ART\u00cdCULO<\/b> 17\u00b0. Los miembros de la nueva Junta Directiva y el Fiscal tomar\u00e1n posesi\u00f3n a partir del 16 del mes febrero del a\u00f1o que corresponde, salvo caso de fuerza mayor. La Junta Directiva saliente informar\u00e1 por escrito a la Junta Directiva entrante, en sesi\u00f3n conjunta, sobre el estado de las finanzas, la Secretar\u00eda, los programas que se est\u00e1n desarrollando y todos aquellos asuntos de relevancia, para conseguir continuidad y armon\u00eda dentro de la Instituci\u00f3n.\u00a0<\/p><p><b>ART\u00cdCULO<\/b> 18\u00b0. La responsabilidad ante la Asamblea General por falta a los Estatutos o por malversaci\u00f3n de fondos cometida por alguno de los miembros de la Junta Directiva, alcanza a todas las personas que la componen y que, habiendo tenido conocimiento de los hechos, no los hubiesen denunciado inmediatamente a la Fiscal\u00eda, para que \u00e9sta tomara las medidas del caso y lo pusiera en conocimiento de la pr\u00f3xima Asamblea General Ordinaria o convocando a una Asamblea General Extraordinaria de la forma como se establece en los art\u00edculos\u00a033\u00b0 y 34\u00b0.\u00a0<\/p><p><b>ART\u00cdCULO 19<\/b>\u00b0. La Junta Directiva no podr\u00e1 celebrar reuni\u00f3n sin la concurrencia de, por lo menos, seis de sus once miembros.\u00a0<\/p><p><b>ART\u00cdCULO<\/b> 20\u00b0. Las obligaciones y atribuciones de la Junta Directiva son:<\/p><ol><li>Vigilar por el cumplimiento de los Estatutos, reglamentos auxiliares y por la buena marcha de la Asociaci\u00f3n, administr\u00e1ndola como delegada de la Asamblea General.<\/li><li>Reunirse, por lo menos, dos veces al mes en sesi\u00f3n ordinaria en d\u00eda y hora que acuerde la misma Junta.<\/li><li>Reunirse en Sesi\u00f3n Extraordinaria cuando sea convocada por la Presidencia que lo har\u00e1 siempre que lo estime necesario o cuando se lo pidan tres miembros o m\u00e1s de la Junta Directiva.<\/li><li>Examinar y aprobar, en su caso, todas las cuentas de la Asociaci\u00f3n.<\/li><li>Denunciar ante los Tribunales a quien malverse los fondos de la Asociaci\u00f3n, con objeto de obtener el debido reembolso.<\/li><li>Examinar las peticiones que hagan los asociados para celebrar Asambleas Generales Extraordinarias, as\u00ed como las dem\u00e1s proposiciones que se presenten referentes a los fines de la Asociaci\u00f3n.<\/li><li>Convocar a Asamblea General Ordinaria y Extraordinaria.<\/li><li>Redactar los reglamentos auxiliares y todas las disposiciones que sean necesarias para la buena marcha de la Asociaci\u00f3n.<\/li><li>Nombrar los Comit\u00e9s y personal administrativo a que se refieren los art\u00edculos veintiocho y treinta.<\/li><li>Conocer las solicitudes de afiliaci\u00f3n de nuevos asociados y, seg\u00fan el art\u00edculo 3\u00b0, proceder a probarlas o no.<\/li><li>Conocer las causas para dar de baja a asociados.<\/li><li>Aprobar el presupuesto anual de ingresos, gastos e inversiones.\u00a0<\/li><\/ol><p><b>ART\u00cdCULO<\/b> 21\u00b0. Si alg\u00fan miembro de la Junta Directiva renunciare o dejare de asistir sin causa justificada a tres sesiones consecutivas o cinco alternas, la Junta Directiva le comunicar\u00e1 por escrito \u2013si procediere- su separaci\u00f3n del cargo. La Junta, en estos casos y, tambi\u00e9n, por el fallecimiento de alguno de los miembros, proceder\u00e1 a sustituirlo por el resto del periodo respectivo, siempre que las sustituciones no excedan de tres en un a\u00f1o. Se except\u00faa de este procedimiento a la Presidencia, en cuyo caso la Fiscal\u00eda o dos miembros de la Junta Directiva, deber\u00e1n convocar a una Asamblea Extraordinaria de Asociados en un plazo m\u00e1ximo de un mes y seg\u00fan se establece en los art\u00edculos 33\u00b0y 34\u00b0, para que tenga lugar su destituci\u00f3n por ausencias inmotivadas y a la vez se nombre un nuevo Presidente.\u00a0<\/p><p><b>ART\u00cdCULO<\/b> 22\u00b0. Atribuciones de los miembros de la Junta Directiva. De la Presidencia:<\/p><ol><li>Representar judicial y extrajudicialmente a la Asociaci\u00f3n, con facultades de Apoderado General\u00edsimo sin l\u00edmite de suma. Autorizar con su firma las actas de las Asambleas y de la Junta Directiva y cualquier otro documento que as\u00ed lo necesite. La Presidencia est\u00e1 facultada para sustituir su poder, en todo o en parte, revocar los poderes conferidos y otorgar otros de nuevo en caso de ausencia, sin que por ello pierda sus facultades originales.<\/li><li>Dirimir con doble voto, en caso de empate, toda votaci\u00f3n en la Junta Directiva.<\/li><li>Cumplir y hacer cumplir los Estatutos y reglamentos de la Asociaci\u00f3n.<\/li><li>Hacer ejecutar los acuerdos tomados en las Asambleas General Ordinaria y Extraordinaria y en Junta Directiva.<\/li><li>Revisar todas las cuentas de la Asociaci\u00f3n, los giros contra los bancos y las cancelaciones de las obligaciones a favor de la misma.<\/li><li>Tomar decisiones, en caso de emergencia, conjuntamente con el Vocal de Turno, en asuntos que sean de atribuci\u00f3n de la Junta Directiva, debiendo informar a \u00e9sta en la primera reuni\u00f3n que se celebre.<\/li><li>Informar a la Asamblea General sobre la marcha de la Asociaci\u00f3n.\u00a0<\/li><\/ol><p><b>ART\u00cdCULO<\/b> 23\u00b0. El Vicepresidente, adem\u00e1s de sus funciones como miembro de la Junta Directiva, reemplazar\u00e1 al Presidente cuando se encuentre ausente o no pueda ejercer su cargo, con las mismas facultades de la Presidencia, bastando su dicho para tener por comprobadas sus facultades.\u00a0<\/p><p><b>ART\u00cdCULO<\/b> 24\u00b0. Son obligaciones y atribuciones de la Secretar\u00eda:<\/p><ol><li>Autorizar con su firma las actas de las Asambleas Generales Ordinarias y Extraordinarias y de la Junta Directiva. Y, en general, todo documento emanado de ellas, como circulares, memorias, estados, convocatorias, etc., dejando copia en el archivo.<\/li><li>Llevar dos libros de actas, debidamente legalizados, uno para sesiones de Asamblea General y otro para la Junta Directiva, asentando en los mismos, por su orden de fechas y con claridad, los acuerdos tomados en las citadas reuniones.<\/li><li>Leer la correspondencia de la Asociaci\u00f3n y responder seg\u00fan lo acordado por la Junta Directiva. Dichas cartas de respuesta deben ir firmadas conjuntamente con el Presidente.<\/li><li>Llevar el libro denominado: \u201cMIEMBROS DE LA ASOCIACI\u00d3N\u201d, ordenado por el art\u00edculo 17\u00b0 de la Ley de Asociaciones, en el que se anotar\u00e1n todos los asociados que ingresen o reingresen, expresando su nombre, apellidos, lugar de nacimiento, edad, nacionalidad, ocupaci\u00f3n, domicilio y fecha del acuerdo de admisi\u00f3n. En este libro se har\u00e1 constar las bajas que ocurran, su fecha y su causa.<\/li><li>Leer las Actas de la Asamblea o de la Junta anterior, en las Asambleas Generales Ordinarias y Extraordinarias y en las sesiones de la Junta Directiva.<\/li><li>Extender el respectivo carn\u00e9 al asociado admitido.<\/li><li>Recibir de su antecesor y entregar a su sucesor, bajo inventario, todos los documentos concernientes a la Secretar\u00eda de la Asociaci\u00f3n.<\/li><li>Redactar, de acuerdo con la Presidencia, la Memoria Anual, para que la someta a la aprobaci\u00f3n de la Asamblea Ordinaria<\/li><\/ol>\t\t\t\t\t\t<\/div>\n\t\t\t\t<\/div>\n\t\t\t\t<section class=\"elementor-section elementor-inner-section elementor-element elementor-element-6874d91 elementor-section-boxed elementor-section-height-default elementor-section-height-default\" data-id=\"6874d91\" data-element_type=\"section\" data-settings=\"{&quot;jet_parallax_layout_list&quot;:[{&quot;jet_parallax_layout_image&quot;:{&quot;url&quot;:&quot;&quot;,&quot;id&quot;:&quot;&quot;,&quot;size&quot;:&quot;&quot;},&quot;_id&quot;:&quot;815767e&quot;,&quot;jet_parallax_layout_image_tablet&quot;:{&quot;url&quot;:&quot;&quot;,&quot;id&quot;:&quot;&quot;,&quot;size&quot;:&quot;&quot;},&quot;jet_parallax_layout_image_mobile&quot;:{&quot;url&quot;:&quot;&quot;,&quot;id&quot;:&quot;&quot;,&quot;size&quot;:&quot;&quot;},&quot;jet_parallax_layout_speed&quot;:{&quot;unit&quot;:&quot;%&quot;,&quot;size&quot;:50,&quot;sizes&quot;:[]},&quot;jet_parallax_layout_type&quot;:&quot;scroll&quot;,&quot;jet_parallax_layout_direction&quot;:null,&quot;jet_parallax_layout_fx_direction&quot;:null,&quot;jet_parallax_layout_z_index&quot;:&quot;&quot;,&quot;jet_parallax_layout_bg_x&quot;:50,&quot;jet_parallax_layout_bg_x_tablet&quot;:&quot;&quot;,&quot;jet_parallax_layout_bg_x_mobile&quot;:&quot;&quot;,&quot;jet_parallax_layout_bg_y&quot;:50,&quot;jet_parallax_layout_bg_y_tablet&quot;:&quot;&quot;,&quot;jet_parallax_layout_bg_y_mobile&quot;:&quot;&quot;,&quot;jet_parallax_layout_bg_size&quot;:&quot;auto&quot;,&quot;jet_parallax_layout_bg_size_tablet&quot;:&quot;&quot;,&quot;jet_parallax_layout_bg_size_mobile&quot;:&quot;&quot;,&quot;jet_parallax_layout_animation_prop&quot;:&quot;transform&quot;,&quot;jet_parallax_layout_on&quot;:[&quot;desktop&quot;,&quot;tablet&quot;]}]}\">\n\t\t\t\t\t\t<div class=\"elementor-container elementor-column-gap-default\">\n\t\t\t\t\t<div class=\"elementor-column elementor-col-100 elementor-inner-column elementor-element elementor-element-688f91a\" data-id=\"688f91a\" data-element_type=\"column\">\n\t\t\t<div class=\"elementor-widget-wrap\">\n\t\t\t\t\t\t\t\t\t<\/div>\n\t\t<\/div>\n\t\t\t\t\t\t\t<\/div>\n\t\t<\/section>\n\t\t\t\t\t<\/div>\n\t\t<\/div>\n\t\t\t\t\t\t\t<\/div>\n\t\t<\/section>\n\t\t\t\t<section class=\"elementor-section elementor-top-section elementor-element elementor-element-49b3c57 elementor-section-boxed elementor-section-height-default elementor-section-height-default\" data-id=\"49b3c57\" data-element_type=\"section\" data-settings=\"{&quot;jet_parallax_layout_list&quot;:[{&quot;jet_parallax_layout_image&quot;:{&quot;url&quot;:&quot;&quot;,&quot;id&quot;:&quot;&quot;,&quot;size&quot;:&quot;&quot;},&quot;_id&quot;:&quot;253a9ba&quot;,&quot;jet_parallax_layout_speed&quot;:{&quot;unit&quot;:&quot;%&quot;,&quot;size&quot;:&quot;50&quot;,&quot;sizes&quot;:[]},&quot;jet_parallax_layout_bg_x&quot;:&quot;50&quot;,&quot;jet_parallax_layout_bg_y&quot;:&quot;50&quot;,&quot;jet_parallax_layout_image_tablet&quot;:{&quot;url&quot;:&quot;&quot;,&quot;id&quot;:&quot;&quot;,&quot;size&quot;:&quot;&quot;},&quot;jet_parallax_layout_image_mobile&quot;:{&quot;url&quot;:&quot;&quot;,&quot;id&quot;:&quot;&quot;,&quot;size&quot;:&quot;&quot;},&quot;jet_parallax_layout_type&quot;:&quot;scroll&quot;,&quot;jet_parallax_layout_direction&quot;:null,&quot;jet_parallax_layout_fx_direction&quot;:null,&quot;jet_parallax_layout_z_index&quot;:&quot;&quot;,&quot;jet_parallax_layout_bg_x_tablet&quot;:&quot;&quot;,&quot;jet_parallax_layout_bg_x_mobile&quot;:&quot;&quot;,&quot;jet_parallax_layout_bg_y_tablet&quot;:&quot;&quot;,&quot;jet_parallax_layout_bg_y_mobile&quot;:&quot;&quot;,&quot;jet_parallax_layout_bg_size&quot;:&quot;auto&quot;,&quot;jet_parallax_layout_bg_size_tablet&quot;:&quot;&quot;,&quot;jet_parallax_layout_bg_size_mobile&quot;:&quot;&quot;,&quot;jet_parallax_layout_animation_prop&quot;:&quot;transform&quot;,&quot;jet_parallax_layout_on&quot;:[&quot;desktop&quot;,&quot;tablet&quot;]}]}\">\n\t\t\t\t\t\t<div class=\"elementor-container elementor-column-gap-default\">\n\t\t\t\t\t<div class=\"elementor-column elementor-col-100 elementor-top-column elementor-element elementor-element-76b441b\" data-id=\"76b441b\" data-element_type=\"column\">\n\t\t\t<div class=\"elementor-widget-wrap elementor-element-populated\">\n\t\t\t\t\t\t\t\t<div class=\"elementor-element elementor-element-1cdd2a4 elementor-widget elementor-widget-raven-divider\" data-id=\"1cdd2a4\" data-element_type=\"widget\" data-widget_type=\"raven-divider.default\">\n\t\t\t\t<div class=\"elementor-widget-container\">\n\t\t\t\t\t<div class=\"raven-widget-wrapper\">\n\t\t\t<div class=\"raven-divider\">\n\t\t\t\t<span class=\"raven-divider-line raven-divider-solid\"><\/span>\n\t\t\t<\/div>\n\t\t<\/div>\n\t\t\t\t<\/div>\n\t\t\t\t<\/div>\n\t\t\t\t<div class=\"elementor-element elementor-element-0d417ac elementor-align-center elementor-widget elementor-widget-raven-heading\" data-id=\"0d417ac\" data-element_type=\"widget\" data-widget_type=\"raven-heading.default\">\n\t\t\t\t<div class=\"elementor-widget-container\">\n\t\t\t\t\t<div class=\"raven-widget-wrapper\"><h2 class=\"raven-heading raven-heading-h2\"><span class=\"raven-heading-title \">Si tienes alguna duda o consulta puedes contactarnos<\/span><\/h2><\/div>\n\t\t\t\t<\/div>\n\t\t\t\t<\/div>\n\t\t\t\t<div class=\"elementor-element elementor-element-87e8332 elementor-align-center elementor-widget elementor-widget-raven-button\" data-id=\"87e8332\" data-element_type=\"widget\" data-widget_type=\"raven-button.default\">\n\t\t\t\t<div class=\"elementor-widget-container\">\n\t\t\t\t\t<div class=\"raven-widget-wrapper\">\n\t\t\t<a class=\"raven-button raven-button-widget-normal-effect-none raven-button-text-align-center raven-button-link elementor-animation-none\" href=\"contactenos\/\">\n\t\t\t\t<div class=\"raven-button-overlay\"><\/div>\n\t\t\t\t<span class=\"raven-button-content\">\n\t\t\t\t\t\n\t\t\t\t\t<div class=\"button-text-container\">\n\t\t\t\t\t\t\t\t\t\t\t\t<div class=\"raven-button-texts-wrapper\">\n\t\t\t\t\t\t\t<div class=\"button-text\">\n\t\t\t\t\t\t\t\t<span class=\"raven-button-text\">\n\t\t\t\t\t\t\t\t\tCont\u00e1ctenos\t\t\t\t\t\t\t\t<\/span>\n\t\t\t\t\t\t\t<\/div>\n\t\t\t\t\t\t\t\t\t\t\t\t\t<\/div>\n\t\t\t\t\t\t\t\t\t\t\t<\/div>\n\t\t\t\t\t\n\t\t\t\t\t\t\t\t\t<\/span>\n\t\t\t<\/a>\n\t\t<\/div>\n\t\t\t\t<\/div>\n\t\t\t\t<\/div>\n\t\t\t\t<div class=\"elementor-element elementor-element-b813606 elementor-tablet-align-center elementor-mobile-align-center elementor-widget elementor-widget-raven-divider\" data-id=\"b813606\" data-element_type=\"widget\" data-widget_type=\"raven-divider.default\">\n\t\t\t\t<div class=\"elementor-widget-container\">\n\t\t\t\t\t<div class=\"raven-widget-wrapper\">\n\t\t\t<div class=\"raven-divider\">\n\t\t\t\t<span class=\"raven-divider-line raven-divider-solid\"><\/span>\n\t\t\t<\/div>\n\t\t<\/div>\n\t\t\t\t<\/div>\n\t\t\t\t<\/div>\n\t\t\t\t\t<\/div>\n\t\t<\/div>\n\t\t\t\t\t\t\t<\/div>\n\t\t<\/section>\n\t\t\t\t\t\t\t<\/div>\n\t\t","protected":false},"excerpt":{"rendered":"<p>Estatutos ESTATUTOS DE LA ASOCIACI\u00d3N ESPA\u00d1OLA DE BENEFICENCIA CAP\u00cdTULO PRIMERO De la Asociaci\u00f3n, sus fines y domicilio ART\u00cdCULO 1\u00b0. La Asociaci\u00f3n Espa\u00f1ola est\u00e1 instalada, al aprobarse estos Estatutos, en el edificio denominado Casa de Espa\u00f1a y, para los efectos legales, su domicilio es 100 metros este y 150 metros norte del edificio del Instituto Costarricense [&hellip;]<\/p>\n","protected":false},"author":1,"featured_media":0,"parent":0,"menu_order":0,"comment_status":"closed","ping_status":"closed","template":"elementor_header_footer","meta":[],"_links":{"self":[{"href":"https:\/\/asociacionespanolacr.com\/index.php\/wp-json\/wp\/v2\/pages\/1254"}],"collection":[{"href":"https:\/\/asociacionespanolacr.com\/index.php\/wp-json\/wp\/v2\/pages"}],"about":[{"href":"https:\/\/asociacionespanolacr.com\/index.php\/wp-json\/wp\/v2\/types\/page"}],"author":[{"embeddable":true,"href":"https:\/\/asociacionespanolacr.com\/index.php\/wp-json\/wp\/v2\/users\/1"}],"replies":[{"embeddable":true,"href":"https:\/\/asociacionespanolacr.com\/index.php\/wp-json\/wp\/v2\/comments?post=1254"}],"version-history":[{"count":55,"href":"https:\/\/asociacionespanolacr.com\/index.php\/wp-json\/wp\/v2\/pages\/1254\/revisions"}],"predecessor-version":[{"id":1316,"href":"https:\/\/asociacionespanolacr.com\/index.php\/wp-json\/wp\/v2\/pages\/1254\/revisions\/1316"}],"wp:attachment":[{"href":"https:\/\/asociacionespanolacr.com\/index.php\/wp-json\/wp\/v2\/media?parent=1254"}],"curies":[{"name":"wp","href":"https:\/\/api.w.org\/{rel}","templated":true}]}}